{"id":48687,"date":"2023-02-11T17:19:34","date_gmt":"2023-02-11T17:19:34","guid":{"rendered":"https:\/\/indykids.eu\/?post_type=product&#038;p=48687"},"modified":"2024-02-06T11:14:02","modified_gmt":"2024-02-06T11:14:02","slug":"tenda-pavilhao-branca","status":"publish","type":"product","link":"https:\/\/indykids.eu\/en\/produto\/tenda-pavilhao-branca\/","title":{"rendered":"Tenda Pavilh\u00e3o Branca"},"content":{"rendered":"<p><span>Jogue na grande tenda do pavilh\u00e3o onde h\u00e1 espa\u00e7o para voc\u00ea e todos os seus amigos.\u00a0<\/span><span>Enrole as laterais e convide seus amigos para acompanh\u00e1-lo no pavilh\u00e3o ou desmonte todas as laterais para uma casa completa para brincar.\u00a0<\/span><span>F\u00e1cil de montar e desmontar novamente.\u00a0<\/span><span>Para tornar a barraca ainda mais aconchegante, combine-a com o tapete acolchoado feito no mesmo tecido, projetado para caber dentro da nossa nova barraca de brincar.\u00a0<\/span><span>Dobr\u00e1vel e f\u00e1cil de transportar ao redor.\u00a0<\/span><span>As crian\u00e7as adoram construir cabanas e criar seu pr\u00f3prio covil aconchegante.\u00a0<\/span><span>Eles podem se divertir por horas l\u00e1 dentro, com v\u00e1rias encena\u00e7\u00f5es envolvendo constru\u00e7\u00e3o de cabanas e \u201cninhos\u201d.\u00a0<\/span><span>Quanto mais travesseiros, cobertores e peluches eles puderem enfiar l\u00e1 dentro, mais aconchegante ele se tornar\u00e1.\u00a0<\/span><span>Em sua imagina\u00e7\u00e3o, sua toca pode se tornar qualquer coisa &#8211; uma casa de brincar, uma loja, uma biblioteca,\u00a0<\/span><span>ou simplesmente uma cabana aconchegante.\u00a0<\/span><span>Se for um dia chuvoso, mova a barraca para dentro de casa para criar uma sensa\u00e7\u00e3o aconchegante ao ar livre.<\/span><\/p>\n","protected":false},"excerpt":{"rendered":"<p>Medidas:<\/p>\n<p>Di\u00e2metro: 122 cm<\/p>\n<p>Altura: 142 cm<\/p>\n<p>Material: T\u00eaxtil: Algod\u00e3o. Estacas de tenda: Pinho<\/p>\n<p>Manuten\u00e7\u00e3o: Limpeza de manchas. Limpe a poeira do tecido ao arej\u00e1-lo ou aspire suavemente.<\/p>\n<p><span>AVISO!\u00a0<\/span><span>N\u00e3o \u00e9 adequado para crian\u00e7as menores de 3 anos.<\/span><\/p>\n<p><span>Aviso.\u00a0<\/span><span>Risco de asfixia se a crian\u00e7a ficar presa.<\/span><\/p>\n","protected":false},"featured_media":48688,"template":"","meta":[],"product_cat":[7150,96],"product_tag":[7354,274,7353],"acf":[],"yoast_head":"<!-- This site is optimized with the Yoast SEO Premium plugin v17.9 (Yoast SEO v18.4.1) - https:\/\/yoast.com\/wordpress\/plugins\/seo\/ -->\n<title>Tenda Pavilh\u00e3o Branca - IndyKids - Baby &amp; Kids Goods<\/title>\n<meta name=\"robots\" content=\"index, follow, max-snippet:-1, max-image-preview:large, max-video-preview:-1\" \/>\n<link rel=\"canonical\" href=\"https:\/\/indykids.eu\/produto\/tenda-pavilhao-branca\/\" \/>\n<meta property=\"og:locale\" content=\"en_US\" \/>\n<meta property=\"og:type\" content=\"article\" \/>\n<meta property=\"og:title\" content=\"Tenda Pavilh\u00e3o Branca\" \/>\n<meta property=\"og:description\" content=\"Medidas:  Di\u00e2metro: 122 cm  Altura: 142 cm  Material: T\u00eaxtil: Algod\u00e3o. Estacas de tenda: Pinho  Manuten\u00e7\u00e3o: Limpeza de manchas. Limpe a poeira do tecido ao arej\u00e1-lo ou aspire suavemente.  AVISO!\u00a0N\u00e3o \u00e9 adequado para crian\u00e7as menores de 3 anos.  Aviso.\u00a0Risco de asfixia se a crian\u00e7a ficar presa.\" \/>\n<meta property=\"og:url\" content=\"https:\/\/indykids.eu\/produto\/tenda-pavilhao-branca\/\" \/>\n<meta property=\"og:site_name\" content=\"IndyKids - Baby &amp; Kids Goods\" \/>\n<meta property=\"article:publisher\" content=\"https:\/\/www.facebook.com\/I.indykids.K\/\" \/>\n<meta property=\"article:modified_time\" content=\"2024-02-06T11:14:02+00:00\" \/>\n<meta property=\"og:image\" content=\"https:\/\/indykids.eu\/wp-content\/uploads\/7e63e7_f9ed2e501c5f4fc0b226cae0e8aa0de3_mv2.webp\" \/>\n\t<meta property=\"og:image:width\" content=\"500\" \/>\n\t<meta property=\"og:image:height\" content=\"500\" \/>\n\t<meta property=\"og:image:type\" content=\"image\/webp\" \/>\n<meta name=\"twitter:card\" content=\"summary_large_image\" \/>\n<script type=\"application\/ld+json\" class=\"yoast-schema-graph\">{\"@context\":\"https:\/\/schema.org\",\"@graph\":[{\"@type\":\"Organization\",\"@id\":\"https:\/\/indykids.eu\/#organization\",\"name\":\"IndyKids - Baby & Kids Goods\",\"url\":\"https:\/\/indykids.eu\/\",\"sameAs\":[\"https:\/\/www.facebook.com\/I.indykids.K\/\",\"https:\/\/www.instagram.com\/indy.kids\/\"],\"logo\":{\"@type\":\"ImageObject\",\"@id\":\"https:\/\/indykids.eu\/#logo\",\"inLanguage\":\"en-US\",\"url\":\"https:\/\/indykids.eu\/wp-content\/uploads\/2020\/10\/logo_indy.png\",\"contentUrl\":\"https:\/\/indykids.eu\/wp-content\/uploads\/2020\/10\/logo_indy.png\",\"width\":368,\"height\":154,\"caption\":\"IndyKids - Baby & Kids Goods\"},\"image\":{\"@id\":\"https:\/\/indykids.eu\/#logo\"}},{\"@type\":\"WebSite\",\"@id\":\"https:\/\/indykids.eu\/#website\",\"url\":\"https:\/\/indykids.eu\/\",\"name\":\"IndyKids - Baby & Kids Goods\",\"description\":\"\\nShop for goods for babies and children. We have beautiful articles! Physical and online store. Here you can buy toys, furniture, decoration and textiles.\",\"publisher\":{\"@id\":\"https:\/\/indykids.eu\/#organization\"},\"potentialAction\":[{\"@type\":\"SearchAction\",\"target\":{\"@type\":\"EntryPoint\",\"urlTemplate\":\"https:\/\/indykids.eu\/?s={search_term_string}\"},\"query-input\":\"required name=search_term_string\"}],\"inLanguage\":\"en-US\"},{\"@type\":\"ImageObject\",\"@id\":\"https:\/\/indykids.eu\/produto\/tenda-pavilhao-branca\/#primaryimage\",\"inLanguage\":\"en-US\",\"url\":\"https:\/\/indykids.eu\/wp-content\/uploads\/7e63e7_f9ed2e501c5f4fc0b226cae0e8aa0de3_mv2.webp\",\"contentUrl\":\"https:\/\/indykids.eu\/wp-content\/uploads\/7e63e7_f9ed2e501c5f4fc0b226cae0e8aa0de3_mv2.webp\",\"width\":500,\"height\":500,\"caption\":\"tenda-pavilhao-kids-concept-\"},{\"@type\":[\"WebPage\",\"ItemPage\"],\"@id\":\"https:\/\/indykids.eu\/produto\/tenda-pavilhao-branca\/#webpage\",\"url\":\"https:\/\/indykids.eu\/produto\/tenda-pavilhao-branca\/\",\"name\":\"Tenda Pavilh\u00e3o Branca - IndyKids - Baby & Kids Goods\",\"isPartOf\":{\"@id\":\"https:\/\/indykids.eu\/#website\"},\"primaryImageOfPage\":{\"@id\":\"https:\/\/indykids.eu\/produto\/tenda-pavilhao-branca\/#primaryimage\"},\"datePublished\":\"2023-02-11T17:19:34+00:00\",\"dateModified\":\"2024-02-06T11:14:02+00:00\",\"breadcrumb\":{\"@id\":\"https:\/\/indykids.eu\/produto\/tenda-pavilhao-branca\/#breadcrumb\"},\"inLanguage\":\"en-US\",\"potentialAction\":[{\"@type\":\"ReadAction\",\"target\":[\"https:\/\/indykids.eu\/produto\/tenda-pavilhao-branca\/\"]}]},{\"@type\":\"BreadcrumbList\",\"@id\":\"https:\/\/indykids.eu\/produto\/tenda-pavilhao-branca\/#breadcrumb\",\"itemListElement\":[{\"@type\":\"ListItem\",\"position\":1,\"name\":\"Start\",\"item\":\"https:\/\/indykids.eu\/en\/home-2\/\"},{\"@type\":\"ListItem\",\"position\":2,\"name\":\"Shop\",\"item\":\"https:\/\/indykids.eu\/en\/shop-en\/\"},{\"@type\":\"ListItem\",\"position\":3,\"name\":\"Tenda Pavilh\u00e3o Branca\"}]}]}<\/script>\n<meta property=\"product:brand\" content=\"T\u00eaxteis\" \/>\n<meta property=\"product:price:amount\" content=\"190.00\" \/>\n<meta property=\"product:price:currency\" content=\"EUR\" \/>\n<meta property=\"og:availability\" content=\"instock\" \/>\n<meta property=\"product:availability\" content=\"instock\" \/>\n<meta property=\"product:condition\" content=\"new\" \/>\n<!-- \/ Yoast SEO Premium plugin. -->","yoast_head_json":{"title":"Tenda Pavilh\u00e3o Branca - IndyKids - Baby & Kids Goods","robots":{"index":"index","follow":"follow","max-snippet":"max-snippet:-1","max-image-preview":"max-image-preview:large","max-video-preview":"max-video-preview:-1"},"canonical":"https:\/\/indykids.eu\/produto\/tenda-pavilhao-branca\/","og_locale":"en_US","og_type":"article","og_title":"Tenda Pavilh\u00e3o Branca","og_description":"Medidas:  Di\u00e2metro: 122 cm  Altura: 142 cm  Material: T\u00eaxtil: Algod\u00e3o. Estacas de tenda: Pinho  Manuten\u00e7\u00e3o: Limpeza de manchas. Limpe a poeira do tecido ao arej\u00e1-lo ou aspire suavemente.  AVISO!\u00a0N\u00e3o \u00e9 adequado para crian\u00e7as menores de 3 anos.  Aviso.\u00a0Risco de asfixia se a crian\u00e7a ficar presa.","og_url":"https:\/\/indykids.eu\/produto\/tenda-pavilhao-branca\/","og_site_name":"IndyKids - Baby & Kids Goods","article_publisher":"https:\/\/www.facebook.com\/I.indykids.K\/","article_modified_time":"2024-02-06T11:14:02+00:00","og_image":[{"width":500,"height":500,"url":"https:\/\/indykids.eu\/wp-content\/uploads\/7e63e7_f9ed2e501c5f4fc0b226cae0e8aa0de3_mv2.webp","type":"image\/webp"}],"twitter_card":"summary_large_image","schema":{"@context":"https:\/\/schema.org","@graph":[{"@type":"Organization","@id":"https:\/\/indykids.eu\/#organization","name":"IndyKids - Baby & Kids Goods","url":"https:\/\/indykids.eu\/","sameAs":["https:\/\/www.facebook.com\/I.indykids.K\/","https:\/\/www.instagram.com\/indy.kids\/"],"logo":{"@type":"ImageObject","@id":"https:\/\/indykids.eu\/#logo","inLanguage":"en-US","url":"https:\/\/indykids.eu\/wp-content\/uploads\/2020\/10\/logo_indy.png","contentUrl":"https:\/\/indykids.eu\/wp-content\/uploads\/2020\/10\/logo_indy.png","width":368,"height":154,"caption":"IndyKids - Baby & Kids Goods"},"image":{"@id":"https:\/\/indykids.eu\/#logo"}},{"@type":"WebSite","@id":"https:\/\/indykids.eu\/#website","url":"https:\/\/indykids.eu\/","name":"IndyKids - Baby & Kids Goods","description":"\nShop for goods for babies and children. We have beautiful articles! Physical and online store. Here you can buy toys, furniture, decoration and textiles.","publisher":{"@id":"https:\/\/indykids.eu\/#organization"},"potentialAction":[{"@type":"SearchAction","target":{"@type":"EntryPoint","urlTemplate":"https:\/\/indykids.eu\/?s={search_term_string}"},"query-input":"required name=search_term_string"}],"inLanguage":"en-US"},{"@type":"ImageObject","@id":"https:\/\/indykids.eu\/produto\/tenda-pavilhao-branca\/#primaryimage","inLanguage":"en-US","url":"https:\/\/indykids.eu\/wp-content\/uploads\/7e63e7_f9ed2e501c5f4fc0b226cae0e8aa0de3_mv2.webp","contentUrl":"https:\/\/indykids.eu\/wp-content\/uploads\/7e63e7_f9ed2e501c5f4fc0b226cae0e8aa0de3_mv2.webp","width":500,"height":500,"caption":"tenda-pavilhao-kids-concept-"},{"@type":["WebPage","ItemPage"],"@id":"https:\/\/indykids.eu\/produto\/tenda-pavilhao-branca\/#webpage","url":"https:\/\/indykids.eu\/produto\/tenda-pavilhao-branca\/","name":"Tenda Pavilh\u00e3o Branca - IndyKids - Baby & Kids Goods","isPartOf":{"@id":"https:\/\/indykids.eu\/#website"},"primaryImageOfPage":{"@id":"https:\/\/indykids.eu\/produto\/tenda-pavilhao-branca\/#primaryimage"},"datePublished":"2023-02-11T17:19:34+00:00","dateModified":"2024-02-06T11:14:02+00:00","breadcrumb":{"@id":"https:\/\/indykids.eu\/produto\/tenda-pavilhao-branca\/#breadcrumb"},"inLanguage":"en-US","potentialAction":[{"@type":"ReadAction","target":["https:\/\/indykids.eu\/produto\/tenda-pavilhao-branca\/"]}]},{"@type":"BreadcrumbList","@id":"https:\/\/indykids.eu\/produto\/tenda-pavilhao-branca\/#breadcrumb","itemListElement":[{"@type":"ListItem","position":1,"name":"Start","item":"https:\/\/indykids.eu\/en\/home-2\/"},{"@type":"ListItem","position":2,"name":"Shop","item":"https:\/\/indykids.eu\/en\/shop-en\/"},{"@type":"ListItem","position":3,"name":"Tenda Pavilh\u00e3o Branca"}]}]},"product_brand":"T\u00eaxteis","product_price_amount":"190.00","product_price_currency":"EUR","og_availability":"instock","product_availability":"instock","product_condition":"new"},"_links":{"self":[{"href":"https:\/\/indykids.eu\/en\/wp-json\/wp\/v2\/product\/48687"}],"collection":[{"href":"https:\/\/indykids.eu\/en\/wp-json\/wp\/v2\/product"}],"about":[{"href":"https:\/\/indykids.eu\/en\/wp-json\/wp\/v2\/types\/product"}],"wp:featuredmedia":[{"embeddable":true,"href":"https:\/\/indykids.eu\/en\/wp-json\/wp\/v2\/media\/48688"}],"wp:attachment":[{"href":"https:\/\/indykids.eu\/en\/wp-json\/wp\/v2\/media?parent=48687"}],"wp:term":[{"taxonomy":"product_cat","embeddable":true,"href":"https:\/\/indykids.eu\/en\/wp-json\/wp\/v2\/product_cat?post=48687"},{"taxonomy":"product_tag","embeddable":true,"href":"https:\/\/indykids.eu\/en\/wp-json\/wp\/v2\/product_tag?post=48687"}],"curies":[{"name":"wp","href":"https:\/\/api.w.org\/{rel}","templated":true}]}}