{"id":53525,"date":"2023-08-02T17:46:59","date_gmt":"2023-08-02T16:46:59","guid":{"rendered":"https:\/\/indykids.eu\/?post_type=product&#038;p=53525"},"modified":"2026-07-30T12:26:47","modified_gmt":"2026-07-30T11:26:47","slug":"prateleira-lotta-arco-iris-branca-bellamy","status":"publish","type":"product","link":"https:\/\/indykids.eu\/en\/produto\/prateleira-lotta-arco-iris-branca-bellamy\/","title":{"rendered":"Prateleira Lotta Arco-iris, Branca- Bellamy"},"content":{"rendered":"<p><strong>Caracter\u00edsticas do produto:<\/strong><br \/>\n&#8211; 4 prateleiras espa\u00e7osas,<br \/>\n&#8211; 1 arm\u00e1rio que abre,<br \/>\n&#8211; 2 batentes de madeira para evitar que os itens colocados na prateleira caiam,<br \/>\n&#8211; pode ser pendurado no alto da parede ou pr\u00f3ximo ao ch\u00e3o, permitindo que a crian\u00e7a tenha f\u00e1cil acesso \u00e0 prateleira ,<br \/>\n&#8211; muito espa\u00e7o para livros, acess\u00f3rios ou brinquedos,<br \/>\n&#8211; organiza\u00e7\u00e3o do espa\u00e7o,<br \/>\n&#8211; design intemporal,<br \/>\n&#8211; fabricado de acordo com as normas europeias e normas de seguran\u00e7a.<\/p>\n<p><strong>Dimens\u00f5es (cm):<\/strong><br \/>\naltura: 105,3<br \/>\nprofundidade: 23,3<br \/>\nlargura: 56,6<\/p>\n<p><strong>Materiais e acabamentos:<\/strong><br \/>\n-placa laminada de alta qualidade resistente a danos e humidade, f\u00e1cil de limpar<br \/>\n-madeira de faia lacada<\/p>\n<p>&#8211; placa de MDF lacado de alta qualidade<\/p>\n<p>As lacas utilizadas na produ\u00e7\u00e3o s\u00e3o seguras para crian\u00e7as e certificadas de acordo com EN71\/3<\/p>\n<p><strong>Cor:<\/strong><br \/>\n&#8211; branco<\/p>\n<p><strong>Instru\u00e7\u00e3o de uso:<\/strong><br \/>\nOs m\u00f3veis devem ser limpos com um pano de algod\u00e3o macio umedecido com \u00e1gua ou produto para manuten\u00e7\u00e3o de m\u00f3veis.<\/p>\n<p><strong>Montagem:<\/strong><br \/>\nOs m\u00f3veis s\u00e3o entregues em embalagens para montagem pr\u00f3pria.\u00a0Instru\u00e7\u00f5es detalhadas de montagem s\u00e3o fornecidas nas embalagens junto com o equipamento.<\/p>\n<p><strong>\u00c9 bom saber:<\/strong>\u00a0\u00a0Diferentes tipos de paredes requerem diferentes tipos de fixa\u00e7\u00e3o;\u00a0sempre use parafusos e porcas (adquiridos separadamente) apropriados para as paredes de sua casa.\u00a0A carga da prateleira \u00e9 de 10 kg.<\/p>\n","protected":false},"excerpt":{"rendered":"<p>A prateleira da cole\u00e7\u00e3o Rainbow \u00e9 ideal para as necessidades das crian\u00e7as mais pequenas e mais velhas.\u00a0Est\u00e1 equipada com um arm\u00e1rio e tr\u00eas prateleiras, o que a torna muito funcional e espa\u00e7osa.\u00a0Pode ser montado acima da escrivaninha, cama e rente ao ch\u00e3o, permitindo f\u00e1cil acesso a livros, brinquedos.<\/p>\n<p>Duas prateleiras terminam com um batente de madeira, que tamb\u00e9m protege os livros contra quedas.<\/p>\n","protected":false},"featured_media":53526,"template":"","meta":[],"product_cat":[86,7136,81,1011],"product_tag":[748,7639],"acf":[],"yoast_head":"<!-- This site is optimized with the Yoast SEO Premium plugin v17.9 (Yoast SEO v18.4.1) - https:\/\/yoast.com\/wordpress\/plugins\/seo\/ -->\n<title>Prateleira Lotta Arco-iris, Branca- Bellamy - IndyKids - Baby &amp; Kids Goods<\/title>\n<meta name=\"robots\" content=\"index, follow, max-snippet:-1, max-image-preview:large, max-video-preview:-1\" \/>\n<link rel=\"canonical\" href=\"https:\/\/indykids.eu\/produto\/prateleira-lotta-arco-iris-branca-bellamy\/\" \/>\n<meta property=\"og:locale\" content=\"en_US\" \/>\n<meta property=\"og:type\" content=\"article\" \/>\n<meta property=\"og:title\" content=\"Prateleira Lotta Arco-iris, Branca- Bellamy\" \/>\n<meta property=\"og:description\" content=\"A prateleira da cole\u00e7\u00e3o Rainbow \u00e9 ideal para as necessidades das crian\u00e7as mais pequenas e mais velhas.\u00a0Est\u00e1 equipada com um arm\u00e1rio e tr\u00eas prateleiras, o que a torna muito funcional e espa\u00e7osa.\u00a0Pode ser montado acima da escrivaninha, cama e rente ao ch\u00e3o, permitindo f\u00e1cil acesso a livros, brinquedos.  Duas prateleiras terminam com um batente de madeira, que tamb\u00e9m protege os livros contra quedas.\" \/>\n<meta property=\"og:url\" content=\"https:\/\/indykids.eu\/produto\/prateleira-lotta-arco-iris-branca-bellamy\/\" \/>\n<meta property=\"og:site_name\" content=\"IndyKids - Baby &amp; Kids Goods\" \/>\n<meta property=\"article:publisher\" content=\"https:\/\/www.facebook.com\/I.indykids.K\/\" \/>\n<meta property=\"article:modified_time\" content=\"2026-07-30T11:26:47+00:00\" \/>\n<meta property=\"og:image\" content=\"https:\/\/indykids.eu\/wp-content\/uploads\/prateleira.jpg\" \/>\n\t<meta property=\"og:image:width\" content=\"299\" \/>\n\t<meta property=\"og:image:height\" content=\"450\" \/>\n\t<meta property=\"og:image:type\" content=\"image\/jpeg\" \/>\n<meta name=\"twitter:card\" content=\"summary_large_image\" \/>\n<script type=\"application\/ld+json\" class=\"yoast-schema-graph\">{\"@context\":\"https:\/\/schema.org\",\"@graph\":[{\"@type\":\"Organization\",\"@id\":\"https:\/\/indykids.eu\/#organization\",\"name\":\"IndyKids - Baby & Kids Goods\",\"url\":\"https:\/\/indykids.eu\/\",\"sameAs\":[\"https:\/\/www.facebook.com\/I.indykids.K\/\",\"https:\/\/www.instagram.com\/indy.kids\/\"],\"logo\":{\"@type\":\"ImageObject\",\"@id\":\"https:\/\/indykids.eu\/#logo\",\"inLanguage\":\"en-US\",\"url\":\"https:\/\/indykids.eu\/wp-content\/uploads\/2020\/10\/logo_indy.png\",\"contentUrl\":\"https:\/\/indykids.eu\/wp-content\/uploads\/2020\/10\/logo_indy.png\",\"width\":368,\"height\":154,\"caption\":\"IndyKids - Baby & Kids Goods\"},\"image\":{\"@id\":\"https:\/\/indykids.eu\/#logo\"}},{\"@type\":\"WebSite\",\"@id\":\"https:\/\/indykids.eu\/#website\",\"url\":\"https:\/\/indykids.eu\/\",\"name\":\"IndyKids - Baby & Kids Goods\",\"description\":\"\\nShop for goods for babies and children. We have beautiful articles! Physical and online store. Here you can buy toys, furniture, decoration and textiles.\",\"publisher\":{\"@id\":\"https:\/\/indykids.eu\/#organization\"},\"potentialAction\":[{\"@type\":\"SearchAction\",\"target\":{\"@type\":\"EntryPoint\",\"urlTemplate\":\"https:\/\/indykids.eu\/?s={search_term_string}\"},\"query-input\":\"required name=search_term_string\"}],\"inLanguage\":\"en-US\"},{\"@type\":\"ImageObject\",\"@id\":\"https:\/\/indykids.eu\/produto\/prateleira-lotta-arco-iris-branca-bellamy\/#primaryimage\",\"inLanguage\":\"en-US\",\"url\":\"https:\/\/indykids.eu\/wp-content\/uploads\/prateleira.jpg\",\"contentUrl\":\"https:\/\/indykids.eu\/wp-content\/uploads\/prateleira.jpg\",\"width\":299,\"height\":450,\"caption\":\"prateleira-arco-iris-\"},{\"@type\":[\"WebPage\",\"ItemPage\"],\"@id\":\"https:\/\/indykids.eu\/produto\/prateleira-lotta-arco-iris-branca-bellamy\/#webpage\",\"url\":\"https:\/\/indykids.eu\/produto\/prateleira-lotta-arco-iris-branca-bellamy\/\",\"name\":\"Prateleira Lotta Arco-iris, Branca- Bellamy - IndyKids - Baby & Kids Goods\",\"isPartOf\":{\"@id\":\"https:\/\/indykids.eu\/#website\"},\"primaryImageOfPage\":{\"@id\":\"https:\/\/indykids.eu\/produto\/prateleira-lotta-arco-iris-branca-bellamy\/#primaryimage\"},\"datePublished\":\"2023-08-02T16:46:59+00:00\",\"dateModified\":\"2026-07-30T11:26:47+00:00\",\"breadcrumb\":{\"@id\":\"https:\/\/indykids.eu\/produto\/prateleira-lotta-arco-iris-branca-bellamy\/#breadcrumb\"},\"inLanguage\":\"en-US\",\"potentialAction\":[{\"@type\":\"ReadAction\",\"target\":[\"https:\/\/indykids.eu\/produto\/prateleira-lotta-arco-iris-branca-bellamy\/\"]}]},{\"@type\":\"BreadcrumbList\",\"@id\":\"https:\/\/indykids.eu\/produto\/prateleira-lotta-arco-iris-branca-bellamy\/#breadcrumb\",\"itemListElement\":[{\"@type\":\"ListItem\",\"position\":1,\"name\":\"Start\",\"item\":\"https:\/\/indykids.eu\/en\/home-2\/\"},{\"@type\":\"ListItem\",\"position\":2,\"name\":\"Shop\",\"item\":\"https:\/\/indykids.eu\/en\/shop-en\/\"},{\"@type\":\"ListItem\",\"position\":3,\"name\":\"Prateleira Lotta Arco-iris, Branca- Bellamy\"}]}]}<\/script>\n<meta property=\"product:brand\" content=\"Mobili\u00e1rio\" \/>\n<meta property=\"product:price:amount\" content=\"143.00\" \/>\n<meta property=\"product:price:currency\" content=\"EUR\" \/>\n<meta property=\"og:availability\" content=\"instock\" \/>\n<meta property=\"product:availability\" content=\"instock\" \/>\n<meta property=\"product:condition\" content=\"new\" \/>\n<!-- \/ Yoast SEO Premium plugin. -->","yoast_head_json":{"title":"Prateleira Lotta Arco-iris, Branca- Bellamy - IndyKids - Baby & Kids Goods","robots":{"index":"index","follow":"follow","max-snippet":"max-snippet:-1","max-image-preview":"max-image-preview:large","max-video-preview":"max-video-preview:-1"},"canonical":"https:\/\/indykids.eu\/produto\/prateleira-lotta-arco-iris-branca-bellamy\/","og_locale":"en_US","og_type":"article","og_title":"Prateleira Lotta Arco-iris, Branca- Bellamy","og_description":"A prateleira da cole\u00e7\u00e3o Rainbow \u00e9 ideal para as necessidades das crian\u00e7as mais pequenas e mais velhas.\u00a0Est\u00e1 equipada com um arm\u00e1rio e tr\u00eas prateleiras, o que a torna muito funcional e espa\u00e7osa.\u00a0Pode ser montado acima da escrivaninha, cama e rente ao ch\u00e3o, permitindo f\u00e1cil acesso a livros, brinquedos.  Duas prateleiras terminam com um batente de madeira, que tamb\u00e9m protege os livros contra quedas.","og_url":"https:\/\/indykids.eu\/produto\/prateleira-lotta-arco-iris-branca-bellamy\/","og_site_name":"IndyKids - Baby & Kids Goods","article_publisher":"https:\/\/www.facebook.com\/I.indykids.K\/","article_modified_time":"2026-07-30T11:26:47+00:00","og_image":[{"width":299,"height":450,"url":"https:\/\/indykids.eu\/wp-content\/uploads\/prateleira.jpg","type":"image\/jpeg"}],"twitter_card":"summary_large_image","schema":{"@context":"https:\/\/schema.org","@graph":[{"@type":"Organization","@id":"https:\/\/indykids.eu\/#organization","name":"IndyKids - Baby & Kids Goods","url":"https:\/\/indykids.eu\/","sameAs":["https:\/\/www.facebook.com\/I.indykids.K\/","https:\/\/www.instagram.com\/indy.kids\/"],"logo":{"@type":"ImageObject","@id":"https:\/\/indykids.eu\/#logo","inLanguage":"en-US","url":"https:\/\/indykids.eu\/wp-content\/uploads\/2020\/10\/logo_indy.png","contentUrl":"https:\/\/indykids.eu\/wp-content\/uploads\/2020\/10\/logo_indy.png","width":368,"height":154,"caption":"IndyKids - Baby & Kids Goods"},"image":{"@id":"https:\/\/indykids.eu\/#logo"}},{"@type":"WebSite","@id":"https:\/\/indykids.eu\/#website","url":"https:\/\/indykids.eu\/","name":"IndyKids - Baby & Kids Goods","description":"\nShop for goods for babies and children. We have beautiful articles! Physical and online store. Here you can buy toys, furniture, decoration and textiles.","publisher":{"@id":"https:\/\/indykids.eu\/#organization"},"potentialAction":[{"@type":"SearchAction","target":{"@type":"EntryPoint","urlTemplate":"https:\/\/indykids.eu\/?s={search_term_string}"},"query-input":"required name=search_term_string"}],"inLanguage":"en-US"},{"@type":"ImageObject","@id":"https:\/\/indykids.eu\/produto\/prateleira-lotta-arco-iris-branca-bellamy\/#primaryimage","inLanguage":"en-US","url":"https:\/\/indykids.eu\/wp-content\/uploads\/prateleira.jpg","contentUrl":"https:\/\/indykids.eu\/wp-content\/uploads\/prateleira.jpg","width":299,"height":450,"caption":"prateleira-arco-iris-"},{"@type":["WebPage","ItemPage"],"@id":"https:\/\/indykids.eu\/produto\/prateleira-lotta-arco-iris-branca-bellamy\/#webpage","url":"https:\/\/indykids.eu\/produto\/prateleira-lotta-arco-iris-branca-bellamy\/","name":"Prateleira Lotta Arco-iris, Branca- Bellamy - IndyKids - Baby & Kids Goods","isPartOf":{"@id":"https:\/\/indykids.eu\/#website"},"primaryImageOfPage":{"@id":"https:\/\/indykids.eu\/produto\/prateleira-lotta-arco-iris-branca-bellamy\/#primaryimage"},"datePublished":"2023-08-02T16:46:59+00:00","dateModified":"2026-07-30T11:26:47+00:00","breadcrumb":{"@id":"https:\/\/indykids.eu\/produto\/prateleira-lotta-arco-iris-branca-bellamy\/#breadcrumb"},"inLanguage":"en-US","potentialAction":[{"@type":"ReadAction","target":["https:\/\/indykids.eu\/produto\/prateleira-lotta-arco-iris-branca-bellamy\/"]}]},{"@type":"BreadcrumbList","@id":"https:\/\/indykids.eu\/produto\/prateleira-lotta-arco-iris-branca-bellamy\/#breadcrumb","itemListElement":[{"@type":"ListItem","position":1,"name":"Start","item":"https:\/\/indykids.eu\/en\/home-2\/"},{"@type":"ListItem","position":2,"name":"Shop","item":"https:\/\/indykids.eu\/en\/shop-en\/"},{"@type":"ListItem","position":3,"name":"Prateleira Lotta Arco-iris, Branca- Bellamy"}]}]},"product_brand":"Mobili\u00e1rio","product_price_amount":"143.00","product_price_currency":"EUR","og_availability":"instock","product_availability":"instock","product_condition":"new"},"_links":{"self":[{"href":"https:\/\/indykids.eu\/en\/wp-json\/wp\/v2\/product\/53525"}],"collection":[{"href":"https:\/\/indykids.eu\/en\/wp-json\/wp\/v2\/product"}],"about":[{"href":"https:\/\/indykids.eu\/en\/wp-json\/wp\/v2\/types\/product"}],"wp:featuredmedia":[{"embeddable":true,"href":"https:\/\/indykids.eu\/en\/wp-json\/wp\/v2\/media\/53526"}],"wp:attachment":[{"href":"https:\/\/indykids.eu\/en\/wp-json\/wp\/v2\/media?parent=53525"}],"wp:term":[{"taxonomy":"product_cat","embeddable":true,"href":"https:\/\/indykids.eu\/en\/wp-json\/wp\/v2\/product_cat?post=53525"},{"taxonomy":"product_tag","embeddable":true,"href":"https:\/\/indykids.eu\/en\/wp-json\/wp\/v2\/product_tag?post=53525"}],"curies":[{"name":"wp","href":"https:\/\/api.w.org\/{rel}","templated":true}]}}