{"id":7403,"date":"2020-02-22T18:20:25","date_gmt":"2020-02-22T18:20:25","guid":{"rendered":"https:\/\/indykids.eu\/?post_type=product&#038;p=7403"},"modified":"2026-02-01T10:19:36","modified_gmt":"2026-02-01T10:19:36","slug":"sofa-infantil","status":"publish","type":"product","link":"https:\/\/indykids.eu\/en\/produto\/sofa-infantil\/","title":{"rendered":"Sof\u00e1 Infantil &#8211; exposi\u00e7\u00e3o"},"content":{"rendered":"<div id=\"attributes\" class=\"tab-pane\">\n<p>Sof\u00e1 baixo com mesa lateral integrada<\/p>\n<p>Indicado para crian\u00e7as a partir dos 2 anos<\/p>\n<p><strong>Especifica\u00e7\u00f5es:<\/strong><\/p>\n<p>G\u00e9nero:\u00a0j\u00fanior<\/p>\n<p>Dimens\u00f5es: 90 x 43 x 44 cm (C x L x A)<\/p>\n<p>Cor: bege<\/p>\n<p>Material da almofada: algod\u00e3o, espuma de PU<\/p>\n<p>Material da arma\u00e7\u00e3o: madeira<\/p>\n<p>Altura do assento: 26 cm<\/p>\n<p>Peso transportado m\u00e1ximo: 80 kg<\/p>\n<p>Peso: 8,5 kg<\/p>\n<p>Capas de almofada de veludo remov\u00edvel em 100% algod\u00e3o, podem ser viradas do avesso e lavadas numa m\u00e1quina de lavar a 40 graus.<\/p>\n<\/div>\n<pre><\/pre>\n<p>&nbsp;<\/p>\n","protected":false},"excerpt":{"rendered":"<p><span style=\"font-family: Avenir; font-size: 14px;\"><span lang=\"pt\" xml:lang=\"pt\">Este pequeno sof\u00e1 infantil de madeira \u00e9 ideal para os pequenos descansarem, lerem e brincarem confortavelmente, pois \u00e9 feito especialmente para eles.<br \/>\n<\/span><br \/>\nAl\u00e9m de um estofamento aconchegante, ele tamb\u00e9m \u00e9 equipado com uma superf\u00edcie de armazenamento na qual brinquedos ou uma l\u00e2mpada podem ser colocados, por exemplo. <\/span><\/p>\n<p><span style=\"font-family: Avenir; font-size: 14px;\"><br \/>\nGra\u00e7as ao seu design minimalista, este belo sof\u00e1 encaixa-se praticamente em qualquer interior.<\/span><\/p>\n<div id=\"attributes\" class=\"tab-pane\"><\/div>\n","protected":false},"featured_media":7404,"template":"","meta":[],"product_cat":[301,81,1011,7150,96],"product_tag":[1748,1747],"acf":[],"yoast_head":"<!-- This site is optimized with the Yoast SEO Premium plugin v17.9 (Yoast SEO v18.4.1) - https:\/\/yoast.com\/wordpress\/plugins\/seo\/ -->\n<title>Sof\u00e1 Infantil - exposi\u00e7\u00e3o - IndyKids - Baby &amp; Kids Goods<\/title>\n<meta name=\"robots\" content=\"index, follow, max-snippet:-1, max-image-preview:large, max-video-preview:-1\" \/>\n<link rel=\"canonical\" href=\"https:\/\/indykids.eu\/produto\/sofa-infantil\/\" \/>\n<meta property=\"og:locale\" content=\"en_US\" \/>\n<meta property=\"og:type\" content=\"article\" \/>\n<meta property=\"og:title\" content=\"Sof\u00e1 Infantil - exposi\u00e7\u00e3o\" \/>\n<meta property=\"og:description\" content=\"Este pequeno sof\u00e1 infantil de madeira \u00e9 ideal para os pequenos descansarem, lerem e brincarem confortavelmente, pois \u00e9 feito especialmente para eles.  Al\u00e9m de um estofamento aconchegante, ele tamb\u00e9m \u00e9 equipado com uma superf\u00edcie de armazenamento na qual brinquedos ou uma l\u00e2mpada podem ser colocados, por exemplo.    Gra\u00e7as ao seu design minimalista, este belo sof\u00e1 encaixa-se praticamente em qualquer interior.\" \/>\n<meta property=\"og:url\" content=\"https:\/\/indykids.eu\/produto\/sofa-infantil\/\" \/>\n<meta property=\"og:site_name\" content=\"IndyKids - Baby &amp; Kids Goods\" \/>\n<meta property=\"article:publisher\" content=\"https:\/\/www.facebook.com\/I.indykids.K\/\" \/>\n<meta property=\"article:modified_time\" content=\"2026-02-01T10:19:36+00:00\" \/>\n<meta property=\"og:image\" content=\"https:\/\/indykids.eu\/wp-content\/uploads\/2020\/02\/1000392-Low-Seater-Saga_1.jpeg\" \/>\n\t<meta property=\"og:image:width\" content=\"1220\" \/>\n\t<meta property=\"og:image:height\" content=\"1220\" \/>\n\t<meta property=\"og:image:type\" content=\"image\/jpeg\" \/>\n<meta name=\"twitter:card\" content=\"summary_large_image\" \/>\n<script type=\"application\/ld+json\" class=\"yoast-schema-graph\">{\"@context\":\"https:\/\/schema.org\",\"@graph\":[{\"@type\":\"Organization\",\"@id\":\"https:\/\/indykids.eu\/#organization\",\"name\":\"IndyKids - Baby & Kids Goods\",\"url\":\"https:\/\/indykids.eu\/\",\"sameAs\":[\"https:\/\/www.facebook.com\/I.indykids.K\/\",\"https:\/\/www.instagram.com\/indy.kids\/\"],\"logo\":{\"@type\":\"ImageObject\",\"@id\":\"https:\/\/indykids.eu\/#logo\",\"inLanguage\":\"en-US\",\"url\":\"https:\/\/indykids.eu\/wp-content\/uploads\/2020\/10\/logo_indy.png\",\"contentUrl\":\"https:\/\/indykids.eu\/wp-content\/uploads\/2020\/10\/logo_indy.png\",\"width\":368,\"height\":154,\"caption\":\"IndyKids - Baby & Kids Goods\"},\"image\":{\"@id\":\"https:\/\/indykids.eu\/#logo\"}},{\"@type\":\"WebSite\",\"@id\":\"https:\/\/indykids.eu\/#website\",\"url\":\"https:\/\/indykids.eu\/\",\"name\":\"IndyKids - Baby & Kids Goods\",\"description\":\"\\nShop for goods for babies and children. We have beautiful articles! Physical and online store. Here you can buy toys, furniture, decoration and textiles.\",\"publisher\":{\"@id\":\"https:\/\/indykids.eu\/#organization\"},\"potentialAction\":[{\"@type\":\"SearchAction\",\"target\":{\"@type\":\"EntryPoint\",\"urlTemplate\":\"https:\/\/indykids.eu\/?s={search_term_string}\"},\"query-input\":\"required name=search_term_string\"}],\"inLanguage\":\"en-US\"},{\"@type\":\"ImageObject\",\"@id\":\"https:\/\/indykids.eu\/produto\/sofa-infantil\/#primaryimage\",\"inLanguage\":\"en-US\",\"url\":\"https:\/\/indykids.eu\/wp-content\/uploads\/2020\/02\/1000392-Low-Seater-Saga_1.jpeg\",\"contentUrl\":\"https:\/\/indykids.eu\/wp-content\/uploads\/2020\/02\/1000392-Low-Seater-Saga_1.jpeg\",\"width\":1220,\"height\":1220},{\"@type\":[\"WebPage\",\"ItemPage\"],\"@id\":\"https:\/\/indykids.eu\/produto\/sofa-infantil\/#webpage\",\"url\":\"https:\/\/indykids.eu\/produto\/sofa-infantil\/\",\"name\":\"Sof\u00e1 Infantil - exposi\u00e7\u00e3o - IndyKids - Baby & Kids Goods\",\"isPartOf\":{\"@id\":\"https:\/\/indykids.eu\/#website\"},\"primaryImageOfPage\":{\"@id\":\"https:\/\/indykids.eu\/produto\/sofa-infantil\/#primaryimage\"},\"datePublished\":\"2020-02-22T18:20:25+00:00\",\"dateModified\":\"2026-02-01T10:19:36+00:00\",\"breadcrumb\":{\"@id\":\"https:\/\/indykids.eu\/produto\/sofa-infantil\/#breadcrumb\"},\"inLanguage\":\"en-US\",\"potentialAction\":[{\"@type\":\"ReadAction\",\"target\":[\"https:\/\/indykids.eu\/produto\/sofa-infantil\/\"]}]},{\"@type\":\"BreadcrumbList\",\"@id\":\"https:\/\/indykids.eu\/produto\/sofa-infantil\/#breadcrumb\",\"itemListElement\":[{\"@type\":\"ListItem\",\"position\":1,\"name\":\"Start\",\"item\":\"https:\/\/indykids.eu\/en\/home-2\/\"},{\"@type\":\"ListItem\",\"position\":2,\"name\":\"Shop\",\"item\":\"https:\/\/indykids.eu\/en\/shop-en\/\"},{\"@type\":\"ListItem\",\"position\":3,\"name\":\"Sof\u00e1 Infantil &#8211; exposi\u00e7\u00e3o\"}]}]}<\/script>\n<meta property=\"product:brand\" content=\"Mobili\u00e1rio\" \/>\n<meta property=\"product:price:amount\" content=\"89.00\" \/>\n<meta property=\"product:price:currency\" content=\"EUR\" \/>\n<meta property=\"og:availability\" content=\"backorder\" \/>\n<meta property=\"product:availability\" content=\"available for order\" \/>\n<meta property=\"product:condition\" content=\"new\" \/>\n<!-- \/ Yoast SEO Premium plugin. -->","yoast_head_json":{"title":"Sof\u00e1 Infantil - exposi\u00e7\u00e3o - IndyKids - Baby & Kids Goods","robots":{"index":"index","follow":"follow","max-snippet":"max-snippet:-1","max-image-preview":"max-image-preview:large","max-video-preview":"max-video-preview:-1"},"canonical":"https:\/\/indykids.eu\/produto\/sofa-infantil\/","og_locale":"en_US","og_type":"article","og_title":"Sof\u00e1 Infantil - exposi\u00e7\u00e3o","og_description":"Este pequeno sof\u00e1 infantil de madeira \u00e9 ideal para os pequenos descansarem, lerem e brincarem confortavelmente, pois \u00e9 feito especialmente para eles.  Al\u00e9m de um estofamento aconchegante, ele tamb\u00e9m \u00e9 equipado com uma superf\u00edcie de armazenamento na qual brinquedos ou uma l\u00e2mpada podem ser colocados, por exemplo.    Gra\u00e7as ao seu design minimalista, este belo sof\u00e1 encaixa-se praticamente em qualquer interior.","og_url":"https:\/\/indykids.eu\/produto\/sofa-infantil\/","og_site_name":"IndyKids - Baby & Kids Goods","article_publisher":"https:\/\/www.facebook.com\/I.indykids.K\/","article_modified_time":"2026-02-01T10:19:36+00:00","og_image":[{"width":1220,"height":1220,"url":"https:\/\/indykids.eu\/wp-content\/uploads\/2020\/02\/1000392-Low-Seater-Saga_1.jpeg","type":"image\/jpeg"}],"twitter_card":"summary_large_image","schema":{"@context":"https:\/\/schema.org","@graph":[{"@type":"Organization","@id":"https:\/\/indykids.eu\/#organization","name":"IndyKids - Baby & Kids Goods","url":"https:\/\/indykids.eu\/","sameAs":["https:\/\/www.facebook.com\/I.indykids.K\/","https:\/\/www.instagram.com\/indy.kids\/"],"logo":{"@type":"ImageObject","@id":"https:\/\/indykids.eu\/#logo","inLanguage":"en-US","url":"https:\/\/indykids.eu\/wp-content\/uploads\/2020\/10\/logo_indy.png","contentUrl":"https:\/\/indykids.eu\/wp-content\/uploads\/2020\/10\/logo_indy.png","width":368,"height":154,"caption":"IndyKids - Baby & Kids Goods"},"image":{"@id":"https:\/\/indykids.eu\/#logo"}},{"@type":"WebSite","@id":"https:\/\/indykids.eu\/#website","url":"https:\/\/indykids.eu\/","name":"IndyKids - Baby & Kids Goods","description":"\nShop for goods for babies and children. We have beautiful articles! Physical and online store. Here you can buy toys, furniture, decoration and textiles.","publisher":{"@id":"https:\/\/indykids.eu\/#organization"},"potentialAction":[{"@type":"SearchAction","target":{"@type":"EntryPoint","urlTemplate":"https:\/\/indykids.eu\/?s={search_term_string}"},"query-input":"required name=search_term_string"}],"inLanguage":"en-US"},{"@type":"ImageObject","@id":"https:\/\/indykids.eu\/produto\/sofa-infantil\/#primaryimage","inLanguage":"en-US","url":"https:\/\/indykids.eu\/wp-content\/uploads\/2020\/02\/1000392-Low-Seater-Saga_1.jpeg","contentUrl":"https:\/\/indykids.eu\/wp-content\/uploads\/2020\/02\/1000392-Low-Seater-Saga_1.jpeg","width":1220,"height":1220},{"@type":["WebPage","ItemPage"],"@id":"https:\/\/indykids.eu\/produto\/sofa-infantil\/#webpage","url":"https:\/\/indykids.eu\/produto\/sofa-infantil\/","name":"Sof\u00e1 Infantil - exposi\u00e7\u00e3o - IndyKids - Baby & Kids Goods","isPartOf":{"@id":"https:\/\/indykids.eu\/#website"},"primaryImageOfPage":{"@id":"https:\/\/indykids.eu\/produto\/sofa-infantil\/#primaryimage"},"datePublished":"2020-02-22T18:20:25+00:00","dateModified":"2026-02-01T10:19:36+00:00","breadcrumb":{"@id":"https:\/\/indykids.eu\/produto\/sofa-infantil\/#breadcrumb"},"inLanguage":"en-US","potentialAction":[{"@type":"ReadAction","target":["https:\/\/indykids.eu\/produto\/sofa-infantil\/"]}]},{"@type":"BreadcrumbList","@id":"https:\/\/indykids.eu\/produto\/sofa-infantil\/#breadcrumb","itemListElement":[{"@type":"ListItem","position":1,"name":"Start","item":"https:\/\/indykids.eu\/en\/home-2\/"},{"@type":"ListItem","position":2,"name":"Shop","item":"https:\/\/indykids.eu\/en\/shop-en\/"},{"@type":"ListItem","position":3,"name":"Sof\u00e1 Infantil &#8211; exposi\u00e7\u00e3o"}]}]},"product_brand":"Mobili\u00e1rio","product_price_amount":"89.00","product_price_currency":"EUR","og_availability":"backorder","product_availability":"available for order","product_condition":"new"},"_links":{"self":[{"href":"https:\/\/indykids.eu\/en\/wp-json\/wp\/v2\/product\/7403"}],"collection":[{"href":"https:\/\/indykids.eu\/en\/wp-json\/wp\/v2\/product"}],"about":[{"href":"https:\/\/indykids.eu\/en\/wp-json\/wp\/v2\/types\/product"}],"wp:featuredmedia":[{"embeddable":true,"href":"https:\/\/indykids.eu\/en\/wp-json\/wp\/v2\/media\/7404"}],"wp:attachment":[{"href":"https:\/\/indykids.eu\/en\/wp-json\/wp\/v2\/media?parent=7403"}],"wp:term":[{"taxonomy":"product_cat","embeddable":true,"href":"https:\/\/indykids.eu\/en\/wp-json\/wp\/v2\/product_cat?post=7403"},{"taxonomy":"product_tag","embeddable":true,"href":"https:\/\/indykids.eu\/en\/wp-json\/wp\/v2\/product_tag?post=7403"}],"curies":[{"name":"wp","href":"https:\/\/api.w.org\/{rel}","templated":true}]}}